{"id":609,"date":"2021-10-03T18:26:28","date_gmt":"2021-10-03T16:26:28","guid":{"rendered":"https:\/\/www.fermedumontforchat.fr\/?post_type=product&#038;p=609"},"modified":"2021-10-05T22:21:33","modified_gmt":"2021-10-05T20:21:33","slug":"tomme-fermiere-demie-ail-des-ours","status":"publish","type":"product","link":"https:\/\/www.fermedumontforchat.fr\/?product=tomme-fermiere-demie-ail-des-ours","title":{"rendered":"Tomme Fermi\u00e8re \u2013 (Demie) \u2013 Ail des Ours"},"content":{"rendered":"<p>&nbsp;<\/p>\n<table width=\"180\">\n<tbody>\n<tr class=\"\">\n<th scope=\"row\">Pays d\u2019origine<\/th>\n<td class=\"\">\n<div><span class=\"wd_p495\"><a title=\"France\" href=\"https:\/\/fr.wikipedia.org\/wiki\/France\">France<\/a><\/span><\/div>\n<\/td>\n<\/tr>\n<\/tbody>\n<\/table>\n<table width=\"445\">\n<tbody>\n<tr class=\"\">\n<th scope=\"row\">R\u00e9gion<\/th>\n<td class=\"\">\n<div><span class=\"wd_p1071\"><a title=\"Savoie (d\u00e9partement)\" href=\"https:\/\/fr.wikipedia.org\/wiki\/Savoie_(d%C3%A9partement)\">Savoie<\/a>, <a title=\"Haute-Savoie\" href=\"https:\/\/fr.wikipedia.org\/wiki\/Haute-Savoie\">Haute-Savoie<\/a><\/span><\/div>\n<\/td>\n<\/tr>\n<tr class=\"\">\n<th scope=\"row\">Lait<\/th>\n<td class=\"\">\n<div><span class=\"wd_p186\"><a title=\"Lait de vache\" href=\"https:\/\/fr.wikipedia.org\/wiki\/Lait_de_vache\">Vache<\/a><\/span><\/div>\n<\/td>\n<\/tr>\n<tr class=\"\">\n<th scope=\"row\">P\u00e2te<\/th>\n<td class=\"\">\n<div><span class=\"wd_p279\"><a title=\"Fromage \u00e0 p\u00e2te press\u00e9e non cuite\" href=\"https:\/\/fr.wikipedia.org\/wiki\/Fromage_%C3%A0_p%C3%A2te_press%C3%A9e_non_cuite\">Press\u00e9e non cuite<\/a><\/span><\/div>\n<\/td>\n<\/tr>\n<tr class=\"\">\n<th scope=\"row\">Appellation<\/th>\n<td class=\"\">\n<div><span class=\"wd_p1389\"><a title=\"Indication g\u00e9ographique prot\u00e9g\u00e9e\" href=\"https:\/\/fr.wikipedia.org\/wiki\/Indication_g%C3%A9ographique_prot%C3%A9g%C3%A9e\">Indication g\u00e9ographique prot\u00e9g\u00e9e<\/a><\/span><\/div>\n<\/td>\n<\/tr>\n<\/tbody>\n<\/table>\n<p>&nbsp;<\/p>\n<p>L&#8217;<strong>ail des ours<\/strong> <i>(Allium ursinum)<\/i>, \u00e9galement appel\u00e9 ail sauvage ou ail des bois.<\/p>\n<p>C&#8217;est une plante de sous-bois frais et ombrag\u00e9s, \u00e0 fleurs blanches, de 20 \u00e0 50\u00a0<abbr class=\"abbr\" title=\"centim\u00e8tre\">cm<\/abbr> de hauteur. Lorsque son feuillage est l\u00e9g\u00e8rement froiss\u00e9, elle d\u00e9gage une forte odeur \u2014\u00a0caract\u00e9ristique\u00a0\u2014 d&#8217;ail.<\/p>\n<p><img loading=\"lazy\" decoding=\"async\" class=\"size-medium wp-image-722\" src=\"https:\/\/www.fermedumontforchat.fr\/wp-content\/uploads\/2021\/10\/shutterstock_39625330-300x200.jpg\" alt=\"\" width=\"300\" height=\"200\" srcset=\"https:\/\/www.fermedumontforchat.fr\/wp-content\/uploads\/2021\/10\/shutterstock_39625330-300x200.jpg 300w, https:\/\/www.fermedumontforchat.fr\/wp-content\/uploads\/2021\/10\/shutterstock_39625330-1024x683.jpg 1024w, https:\/\/www.fermedumontforchat.fr\/wp-content\/uploads\/2021\/10\/shutterstock_39625330-768x512.jpg 768w, https:\/\/www.fermedumontforchat.fr\/wp-content\/uploads\/2021\/10\/shutterstock_39625330-1536x1024.jpg 1536w, https:\/\/www.fermedumontforchat.fr\/wp-content\/uploads\/2021\/10\/shutterstock_39625330-2048x1365.jpg 2048w, https:\/\/www.fermedumontforchat.fr\/wp-content\/uploads\/2021\/10\/shutterstock_39625330-600x400.jpg 600w\" sizes=\"auto, (max-width: 300px) 100vw, 300px\" \/><\/p>\n","protected":false},"excerpt":{"rendered":"<p><strong>Prix \/ Kg :<br \/>\n<\/strong><\/p>\n","protected":false},"featured_media":695,"template":"","meta":[],"product_cat":[21],"product_tag":[27],"class_list":{"0":"post-609","1":"product","2":"type-product","3":"status-publish","4":"has-post-thumbnail","6":"product_cat-fromage-sec","7":"product_tag-tomme","9":"first","10":"instock","11":"product-type-simple"},"_links":{"self":[{"href":"https:\/\/www.fermedumontforchat.fr\/index.php?rest_route=\/wp\/v2\/product\/609","targetHints":{"allow":["GET"]}}],"collection":[{"href":"https:\/\/www.fermedumontforchat.fr\/index.php?rest_route=\/wp\/v2\/product"}],"about":[{"href":"https:\/\/www.fermedumontforchat.fr\/index.php?rest_route=\/wp\/v2\/types\/product"}],"wp:featuredmedia":[{"embeddable":true,"href":"https:\/\/www.fermedumontforchat.fr\/index.php?rest_route=\/wp\/v2\/media\/695"}],"wp:attachment":[{"href":"https:\/\/www.fermedumontforchat.fr\/index.php?rest_route=%2Fwp%2Fv2%2Fmedia&parent=609"}],"wp:term":[{"taxonomy":"product_cat","embeddable":true,"href":"https:\/\/www.fermedumontforchat.fr\/index.php?rest_route=%2Fwp%2Fv2%2Fproduct_cat&post=609"},{"taxonomy":"product_tag","embeddable":true,"href":"https:\/\/www.fermedumontforchat.fr\/index.php?rest_route=%2Fwp%2Fv2%2Fproduct_tag&post=609"}],"curies":[{"name":"wp","href":"https:\/\/api.w.org\/{rel}","templated":true}]}}